{"id":280,"date":"2017-08-14T14:12:29","date_gmt":"2017-08-14T14:12:29","guid":{"rendered":"https:\/\/www.gruenerzweig-nw.ch\/neu\/?page_id=280"},"modified":"2026-02-25T08:03:08","modified_gmt":"2026-02-25T08:03:08","slug":"unserverein","status":"publish","type":"page","link":"https:\/\/www.gruenerzweig-nw.ch\/neu\/unserverein\/","title":{"rendered":"Unser Verein"},"content":{"rendered":"<div class=\"wpb-content-wrapper\"><p>[vc_row][vc_column][vc_empty_space height=&#8220;4.4em&#8220; alter_height=&#8220;none&#8220; hide_on_mobile=&#8220;&#8220;][vc_empty_space height=&#8220;4.4em&#8220; alter_height=&#8220;none&#8220; hide_on_mobile=&#8220;1,3,2&#8243;][\/vc_column][\/vc_row][vc_row][vc_column offset=&#8220;vc_col-lg-6 vc_col-md-12 vc_col-xs-12&#8243;][vc_single_image image=&#8220;2000&#8243; img_size=&#8220;full&#8220; alignment=&#8220;center&#8220; css=&#8220;&#8220;][vc_empty_space height=&#8220;2.5em&#8220; alter_height=&#8220;none&#8220; hide_on_mobile=&#8220;&#8220;][\/vc_column][vc_column offset=&#8220;vc_col-lg-6 vc_col-md-12 vc_col-xs-12&#8243;]<div id=\"sc_content_1636837165\"\n\t\tclass=\"sc_content color_style_default sc_content_default sc_content_width_70p sc_float_left sc_align_left\"><div class=\"sc_content_container\"><div id=\"sc_title_450816276\"\n\t\tclass=\"sc_title color_style_default sc_title_default\"><h6 class=\"sc_item_subtitle sc_title_subtitle sc_align_left sc_item_title_style_default\">Wer wir sind<\/h6><h3 class=\"sc_item_title sc_title_title sc_align_left sc_item_title_style_default\">Unsere Geschichte<\/h3><div class=\"sc_item_descr sc_title_descr sc_align_left\"><p>f\u00fcr Natur und Nachhaltigkeit<\/p>\n<\/div><\/div><!-- \/.sc_title -->[vc_empty_space height=&#8220;1.2em&#8220; alter_height=&#8220;none&#8220; hide_on_mobile=&#8220;&#8220;][vc_wp_text]Der Verein Permakulturg\u00e4rten Gr\u00fcner Zweig ging im Juni 2019 aus der StopArmut Regionalgruppe Laufental hervor. Er setzt sich f\u00fcr die F\u00f6rderung und Verbreitung der Permakultur im Laufental und Schwarzbubenland ein. Dazu betreibt er Schau- und Lerng\u00e4rten sowie Produktionsfl\u00e4chen f\u00fcr Gem\u00fcse, Kr\u00e4uter und Fr\u00fcchte. Mit seinen Aktivit\u00e4ten und Bildungsangeboten st\u00e4rkt der Verein die Biodiversit\u00e4t und leistet einen Beitrag zur Erforschung und Weiterentwicklung der Permakultur.<\/p>\n<p>Interessierten jeden Alters bietet der Verein die M\u00f6glichkeit, selber Hand anzulegen und die Permakultur in Theorie und Praxis kennen zu lernen. Der Verein verfolgt des Weiteren das Ziel, Langzeitarbeitslose, Sozialhilfebez\u00fcger und Menschen mit einer geistigen oder k\u00f6rperlichen Einschr\u00e4nkung,\u00a0Asylsuchende und Sozialhilfebez\u00fcger, eine sinnstiftende T\u00e4tigkeit anzubieten und nach M\u00f6glichkeit den Weg in den ersten Arbeitsmarkt zu ebnen. Der Verein ist gemeinn\u00fctzig, politisch unabh\u00e4ngig und konfessionell neutral.[\/vc_wp_text][vc_empty_space height=&#8220;3.2em&#8220; alter_height=&#8220;none&#8220; hide_on_mobile=&#8220;&#8220;]<a href=\"https:\/\/www.gruenerzweig-nw.ch\/neu\/our-services\/\" id=\"sc_button_338414722\" class=\"sc_button color_style_default sc_button_default sc_button_size_normal sc_button_icon_left\"><span class=\"sc_button_text\"><span class=\"sc_button_title\">unser Angebot<\/span><\/span><!-- \/.sc_button_text --><\/a><!-- \/.sc_button -->[vc_empty_space height=&#8220;4.1em&#8220; alter_height=&#8220;none&#8220; hide_on_mobile=&#8220;&#8220;][vc_empty_space height=&#8220;4.2em&#8220; alter_height=&#8220;none&#8220; hide_on_mobile=&#8220;1,3,2&#8243;]<\/div><\/div><!-- \/.sc_content -->[\/vc_column][\/vc_row][vc_row][vc_column offset=&#8220;vc_col-lg-6 vc_col-xs-12&#8243;]<div id=\"sc_content_2039691616\"\n\t\tclass=\"sc_content color_style_default sc_content_default sc_content_width_80p sc_float_right sc_align_right custom_align_left\"><div class=\"sc_content_container\"><div id=\"sc_title_1151910879\"\n\t\tclass=\"sc_title color_style_default sc_title_default  vc_custom_1756632466857\"><h3 class=\"sc_item_title sc_title_title sc_align_right sc_item_title_style_default\">Was wir wollen<\/h3><div class=\"sc_item_descr sc_title_descr sc_align_right\"><p>Permakultur<\/p>\n<\/div><\/div><!-- \/.sc_title -->[vc_empty_space height=&#8220;1em&#8220; alter_height=&#8220;none&#8220; hide_on_mobile=&#8220;&#8220;][vc_column_text css=&#8220;&#8220;]<\/p>\n<p style=\"text-align: left;\">Wir wollen uns der Herausforderung stellen, landwirtschaftliche Methoden zu f\u00f6rdern, welche eine hohe Produktivit\u00e4t ohne Raubbau an der Natur m\u00f6glich machen.<\/p>\n<p style=\"text-align: left;\">Die negativen Effekte der intensiven Landwirtschaft mit ihren Monokulturen, dem Einsatz von Pestiziden und chemischem D\u00fcnger gef\u00e4hrdet die Bodenfruchtbarkeit, die Biodiversit\u00e4t und die Gesundheit der Bev\u00f6lkerung (Grundwasserverschmutzung durch \u00dcberd\u00fcngung). Der Klimawandel fordert auch ein Umdenken in der Verwendung beschr\u00e4nkter Ressourcen, wie z.B. Wasser. Alternative Anbaumethoden sind gefragt und werden von den UNO Nachhaltigkeitszielen 12, 13 und 15 auch gefordert. Die Permakultur ist eine dieser zukunftsweisenden Methoden, die durch sorgf\u00e4ltigen Bodenaufbau und Mischkulturen erstaunliche Ertr\u00e4ge erzielt. Der Verein Permakulturg\u00e4rten Gr\u00fcner Zweig m\u00f6chte diese Anbaumethode f\u00f6rdern und die Bev\u00f6lkerung auf die Zusammenh\u00e4nge von nachhaltiger Lebensmittelproduktion, Biodiversit\u00e4t und pers\u00f6nlichem Wohlbefinden hinweisen. Inspiriert vom Film \u201eTomorrow \u2013 die Welt ist voller L\u00f6sungen\u201c sollen in Laufen und Umgebung Modellg\u00e4rten nach dem Permakulturprinzip entstehen, um die Bev\u00f6lkerung f\u00fcr nachhaltige Landwirtschaftsmethoden und f\u00fcr Biodiversit\u00e4t zu sensibilisieren. Ziel ist es, einen regionalen Kreislauf von der Produktion landwirtschaftlicher Erzeugnisse, \u00fcber deren Verwertung und Vertrieb bis zur Wiederverwertung der kompostierbaren Abf\u00e4lle zu erreichen (wenig graue Energie). Nicht Maschinen, sondern Menschen spielen in der schonenden Bodenbearbeitung eine entscheidende Rolle.\u00a0\u00a0Zu wissen woher unserer Lebensmittel kommen und sie selber zu produzieren, f\u00fchrt zu einer inneren Zufriedenheit.\u00a0 Im Zentrum unseres Gartenbauprojekts steht die nachhaltige Produktion von Gem\u00fcse und Fr\u00fcchten. Aufgrund der ung\u00fcnstigen Bodenbeschaffenheit gibt es nur wenige Betriebe in der Region, welche sich der Gem\u00fcseproduktion widmen.<\/p>\n<p>[\/vc_column_text][vc_empty_space height=&#8220;1em&#8220; alter_height=&#8220;none&#8220; hide_on_mobile=&#8220;&#8220;][vc_empty_space height=&#8220;2.3em&#8220; alter_height=&#8220;none&#8220; hide_on_mobile=&#8220;&#8220;]<\/div><\/div><!-- \/.sc_content -->[\/vc_column][vc_column offset=&#8220;vc_col-lg-6 vc_col-xs-12&#8243;][vc_empty_space height=&#8220;4.4em&#8220; alter_height=&#8220;none&#8220; hide_on_mobile=&#8220;&#8220;][vc_empty_space height=&#8220;4.4em&#8220; alter_height=&#8220;none&#8220; hide_on_mobile=&#8220;1,3,2&#8243;][\/vc_column][\/vc_row][vc_row][vc_column offset=&#8220;vc_col-lg-4 vc_col-xs-12&#8243;]<div class=\"sc_team color_style_default sc_team_featured\"><div class=\"sc_team_columns_wrap sc_item_columns trx_addons_columns_wrap columns_padding_bottom\"><div class=\"trx_addons_column-1_2\"><div class=\"sc_team_item\">\n\t<div class=\"post_featured sc_team_item_thumb trx_addons_hover trx_addons_hover_style_info\">\n\t\t\t\t\t\t\t\t\t\t<a href=\"https:\/\/www.gruenerzweig-nw.ch\/neu\/team\/barbara-schneebeli\/\" aria-hidden=\"true\"><img loading=\"lazy\" decoding=\"async\" width=\"370\" height=\"370\" src=\"https:\/\/www.gruenerzweig-nw.ch\/neu\/wp-content\/uploads\/2017\/09\/5996956307787205231-370x370.jpg\" class=\"attachment-trx_addons-thumb-avatar size-trx_addons-thumb-avatar wp-post-image\" alt=\"Barbara Schneebeli\" srcset=\"https:\/\/www.gruenerzweig-nw.ch\/neu\/wp-content\/uploads\/2017\/09\/5996956307787205231-370x370.jpg 370w, https:\/\/www.gruenerzweig-nw.ch\/neu\/wp-content\/uploads\/2017\/09\/5996956307787205231-150x150.jpg 150w, https:\/\/www.gruenerzweig-nw.ch\/neu\/wp-content\/uploads\/2017\/09\/5996956307787205231-90x90.jpg 90w\" sizes=\"auto, (max-width: 370px) 100vw, 370px\" \/><\/a>\n\t\t\t\t\t<div class=\"trx_addons_hover_content\"><h4 class=\"sc_team_item_title trx_addons_hover_title\"><a href=\"https:\/\/www.gruenerzweig-nw.ch\/neu\/team\/barbara-schneebeli\/\">Barbara Schneebeli<\/a><\/h4><div class=\"sc_team_item_subtitle trx_addons_hover_title\"><a href=\"https:\/\/www.gruenerzweig-nw.ch\/neu\/team\/barbara-schneebeli\/\">Vorstandsmitglied<\/a><\/div><div class=\"sc_team_item_socials socials_wrap trx_addons_hover_info\"><\/div><\/div><div class=\"trx_addons_hover_mask\"><\/div><\/div><\/div>\n<\/div><div class=\"trx_addons_column-1_2\"><div class=\"sc_team_item\">\n\t<div class=\"post_featured sc_team_item_thumb trx_addons_hover trx_addons_hover_style_info\">\n\t\t\t\t\t\t\t\t\t\t<a href=\"https:\/\/www.gruenerzweig-nw.ch\/neu\/team\/cornelia-schott\/\" aria-hidden=\"true\"><img loading=\"lazy\" decoding=\"async\" width=\"370\" height=\"370\" src=\"https:\/\/www.gruenerzweig-nw.ch\/neu\/wp-content\/uploads\/2017\/08\/cornelia-370x370.jpg\" class=\"attachment-trx_addons-thumb-avatar size-trx_addons-thumb-avatar wp-post-image\" alt=\"Cornelia Schott\" srcset=\"https:\/\/www.gruenerzweig-nw.ch\/neu\/wp-content\/uploads\/2017\/08\/cornelia-370x370.jpg 370w, https:\/\/www.gruenerzweig-nw.ch\/neu\/wp-content\/uploads\/2017\/08\/cornelia-150x150.jpg 150w, https:\/\/www.gruenerzweig-nw.ch\/neu\/wp-content\/uploads\/2017\/08\/cornelia-90x90.jpg 90w\" sizes=\"auto, (max-width: 370px) 100vw, 370px\" \/><\/a>\n\t\t\t\t\t<div class=\"trx_addons_hover_content\"><h4 class=\"sc_team_item_title trx_addons_hover_title\"><a href=\"https:\/\/www.gruenerzweig-nw.ch\/neu\/team\/cornelia-schott\/\">Cornelia Schott<\/a><\/h4><div class=\"sc_team_item_subtitle trx_addons_hover_title\"><a href=\"https:\/\/www.gruenerzweig-nw.ch\/neu\/team\/cornelia-schott\/\">Vorstandsmitglied<\/a><\/div><div class=\"sc_team_item_socials socials_wrap trx_addons_hover_info\"><\/div><\/div><div class=\"trx_addons_hover_mask\"><\/div><\/div><\/div>\n<\/div><div class=\"trx_addons_column-1_2\"><div class=\"sc_team_item\">\n\t<div class=\"post_featured sc_team_item_thumb trx_addons_hover trx_addons_hover_style_info\">\n\t\t\t\t\t\t\t\t\t\t<a href=\"https:\/\/www.gruenerzweig-nw.ch\/neu\/team\/evelyne-graf\/\" aria-hidden=\"true\"><img loading=\"lazy\" decoding=\"async\" width=\"370\" height=\"370\" src=\"https:\/\/www.gruenerzweig-nw.ch\/neu\/wp-content\/uploads\/2017\/08\/evelynegraf-370x370.jpg\" class=\"attachment-trx_addons-thumb-avatar size-trx_addons-thumb-avatar wp-post-image\" alt=\"Evelyne Graf\" srcset=\"https:\/\/www.gruenerzweig-nw.ch\/neu\/wp-content\/uploads\/2017\/08\/evelynegraf-370x370.jpg 370w, https:\/\/www.gruenerzweig-nw.ch\/neu\/wp-content\/uploads\/2017\/08\/evelynegraf-150x150.jpg 150w, https:\/\/www.gruenerzweig-nw.ch\/neu\/wp-content\/uploads\/2017\/08\/evelynegraf-90x90.jpg 90w\" sizes=\"auto, (max-width: 370px) 100vw, 370px\" \/><\/a>\n\t\t\t\t\t<div class=\"trx_addons_hover_content\"><h4 class=\"sc_team_item_title trx_addons_hover_title\"><a href=\"https:\/\/www.gruenerzweig-nw.ch\/neu\/team\/evelyne-graf\/\">Evelyne Graf<\/a><\/h4><div class=\"sc_team_item_subtitle trx_addons_hover_title\"><a href=\"https:\/\/www.gruenerzweig-nw.ch\/neu\/team\/evelyne-graf\/\">Vorstandsmitglied<\/a><\/div><div class=\"sc_team_item_socials socials_wrap trx_addons_hover_info\"><\/div><\/div><div class=\"trx_addons_hover_mask\"><\/div><\/div><\/div>\n<\/div><div class=\"trx_addons_column-1_2\"><div class=\"sc_team_item\">\n\t<div class=\"post_featured sc_team_item_thumb trx_addons_hover trx_addons_hover_style_info\">\n\t\t\t\t\t\t\t\t\t\t<a href=\"https:\/\/www.gruenerzweig-nw.ch\/neu\/team\/peter-seeberger\/\" aria-hidden=\"true\"><img loading=\"lazy\" decoding=\"async\" width=\"370\" height=\"370\" src=\"https:\/\/www.gruenerzweig-nw.ch\/neu\/wp-content\/uploads\/2017\/08\/5953946483810226158-370x370.jpg\" class=\"attachment-trx_addons-thumb-avatar size-trx_addons-thumb-avatar wp-post-image\" alt=\"Peter Seeberger\" srcset=\"https:\/\/www.gruenerzweig-nw.ch\/neu\/wp-content\/uploads\/2017\/08\/5953946483810226158-370x370.jpg 370w, https:\/\/www.gruenerzweig-nw.ch\/neu\/wp-content\/uploads\/2017\/08\/5953946483810226158-150x150.jpg 150w, https:\/\/www.gruenerzweig-nw.ch\/neu\/wp-content\/uploads\/2017\/08\/5953946483810226158-90x90.jpg 90w\" sizes=\"auto, (max-width: 370px) 100vw, 370px\" \/><\/a>\n\t\t\t\t\t<div class=\"trx_addons_hover_content\"><h4 class=\"sc_team_item_title trx_addons_hover_title\"><a href=\"https:\/\/www.gruenerzweig-nw.ch\/neu\/team\/peter-seeberger\/\">Peter Seeberger<\/a><\/h4><div class=\"sc_team_item_subtitle trx_addons_hover_title\"><a href=\"https:\/\/www.gruenerzweig-nw.ch\/neu\/team\/peter-seeberger\/\">Vorstandsmitglied, Pr\u00e4sident<\/a><\/div><div class=\"sc_team_item_socials socials_wrap trx_addons_hover_info\"><\/div><\/div><div class=\"trx_addons_hover_mask\"><\/div><\/div><\/div>\n<\/div><\/div><\/div><!-- \/.sc_team -->[\/vc_column][vc_column offset=&#8220;vc_col-lg-6 vc_col-xs-12&#8243;]<div id=\"sc_title_358440601\"\n\t\tclass=\"sc_title color_style_default sc_title_default\"><h6 class=\"sc_item_subtitle sc_title_subtitle sc_align_left sc_item_title_style_default\">Der Vorstand<\/h6><h3 class=\"sc_item_title sc_title_title sc_align_left sc_item_title_style_default\">Wer sind wir?<\/h3><div class=\"sc_item_descr sc_title_descr sc_align_left\"><p>ein Team mit Elan und Energie<\/p>\n<\/div><\/div><!-- \/.sc_title --><div id=\"sc_content_811621338\"\n\t\tclass=\"sc_content color_style_default sc_content_default sc_content_width_75p sc_float_left sc_align_left custom_align_left\"><div class=\"sc_content_container\">[vc_separator css=&#8220;&#8220;][vc_column_text css=&#8220;&#8220;]<\/p>\n<h6 class=\"sc_item_subtitle sc_title_subtitle sc_align_left sc_item_title_style_default\" style=\"text-align: left;\">Downloads<\/h6>\n<p style=\"text-align: left;\"><a href=\"https:\/\/www.gruenerzweig-nw.ch\/neu\/download\/2594\/?tmstv=1772005735\">Statuten<\/a><\/p>\n<p style=\"text-align: left;\"><a href=\"https:\/\/www.gruenerzweig-nw.ch\/neu\/download\/2573\/?tmstv=1771403527\">Jahresbericht 2021<\/a><\/p>\n<p style=\"text-align: left;\"><a href=\"https:\/\/www.gruenerzweig-nw.ch\/neu\/download\/2585\/?tmstv=1772005735\">Jahresbericht 2022<\/a><\/p>\n<p style=\"text-align: left;\"><a href=\"https:\/\/www.gruenerzweig-nw.ch\/neu\/download\/2591\/?tmstv=1772005735\">Jahresbericht 2023<\/a><\/p>\n<p>&nbsp;<\/p>\n<p>[\/vc_column_text][vc_empty_space height=&#8220;2.5em&#8220; alter_height=&#8220;none&#8220; hide_on_mobile=&#8220;&#8220;]<\/div><\/div><!-- \/.sc_content -->[\/vc_column][\/vc_row][vc_row][vc_column offset=&#8220;vc_col-lg-6 vc_col-xs-12&#8243;]<div id=\"sc_content_1579844640\"\n\t\tclass=\"sc_content color_style_default sc_content_default sc_content_width_70p sc_float_right sc_align_right custom_align_left\"><div class=\"sc_content_container\"><div id=\"sc_title_320752528\"\n\t\tclass=\"sc_title color_style_default sc_title_default\"><h6 class=\"sc_item_subtitle sc_title_subtitle sc_align_right sc_item_title_style_default\">Anschrift<\/h6><h3 class=\"sc_item_title sc_title_title sc_align_right sc_item_title_style_default\">Wo sind wir?<\/h3><div class=\"sc_item_descr sc_title_descr sc_align_right\"><p>wie man uns findet<\/p>\n<\/div><\/div><!-- \/.sc_title --><div id=\"sc_googlemap_256040358_wrap\" class=\"sc_googlemap_wrap\"><div id=\"sc_googlemap_256040358\"\n\t\t\tclass=\"sc_googlemap sc_googlemap_default\"\n\t\t\t style=\"width:100%;height:385px;\"\t\t\tdata-zoom=\"16\"\n\t\t\tdata-style=\"default\"\n\t\t\tdata-cluster-icon=\"\"\n        ><iframe\n                    src=\"https:\/\/maps.google.com\/maps?t=m&output=embed&iwloc=near&z=16&q=Kohlbachstrasse+81%2C+4242+Laufen\"\n                    scrolling=\"no\"\n                    marginheight=\"0\"\n                    marginwidth=\"0\"\n                    frameborder=\"0\"\n                    aria-label=\"\"><\/iframe><\/div><\/div><!-- \/.sc_googlemap_wrap -->[vc_wp_text][\/vc_wp_text][vc_empty_space height=&#8220;2.3em&#8220; alter_height=&#8220;none&#8220; hide_on_mobile=&#8220;&#8220;][vc_empty_space height=&#8220;2.5em&#8220; alter_height=&#8220;none&#8220; hide_on_mobile=&#8220;&#8220;]<\/div><\/div><!-- \/.sc_content -->[\/vc_column][vc_column offset=&#8220;vc_col-lg-6 vc_col-xs-12&#8243;][vc_empty_space height=&#8220;2.3em&#8220; alter_height=&#8220;none&#8220; hide_on_mobile=&#8220;&#8220;][vc_single_image image=&#8220;2152&#8243; img_size=&#8220;800&#215;600&#8243; alignment=&#8220;center&#8220; css=&#8220;&#8220;][\/vc_column][\/vc_row][vc_row][vc_column][vc_empty_space height=&#8220;2.85em&#8220; alter_height=&#8220;none&#8220; hide_on_mobile=&#8220;&#8220;][vc_empty_space height=&#8220;2.85em&#8220; alter_height=&#8220;none&#8220; hide_on_mobile=&#8220;1,3,2&#8243;][\/vc_column][\/vc_row]<\/p>\n<\/div>","protected":false},"excerpt":{"rendered":"<p>[vc_row][vc_column][vc_empty_space height=&#8220;4.4em&#8220; alter_height=&#8220;none&#8220; hide_on_mobile=&#8220;&#8220;][vc_empty_space height=&#8220;4.4em&#8220; alter_height=&#8220;none&#8220; hide_on_mobile=&#8220;1,3,2&#8243;][\/vc_column][\/vc_row][vc_row][vc_column offset=&#8220;vc_col-lg-6 vc_col-md-12 vc_col-xs-12&#8243;][vc_single_image image=&#8220;2000&#8243; img_size=&#8220;full&#8220; alignment=&#8220;center&#8220; css=&#8220;&#8220;][vc_empty_space height=&#8220;2.5em&#8220; alter_height=&#8220;none&#8220; hide_on_mobile=&#8220;&#8220;][\/vc_column][vc_column offset=&#8220;vc_col-lg-6 vc_col-md-12 vc_col-xs-12&#8243;][\/vc_column][\/vc_row][vc_row][vc_column offset=&#8220;vc_col-lg-6 vc_col-xs-12&#8243;][\/vc_column][vc_column offset=&#8220;vc_col-lg-6 vc_col-xs-12&#8243;][vc_empty_space height=&#8220;4.4em&#8220; alter_height=&#8220;none&#8220; hide_on_mobile=&#8220;&#8220;][vc_empty_space height=&#8220;4.4em&#8220; alter_height=&#8220;none&#8220; hide_on_mobile=&#8220;1,3,2&#8243;][\/vc_column][\/vc_row][vc_row][vc_column&hellip;<\/p>\n","protected":false},"author":1,"featured_media":0,"parent":0,"menu_order":0,"comment_status":"closed","ping_status":"closed","template":"","meta":{"_siteseo_robots_primary_cat":"","pagelayer_contact_templates":[],"_pagelayer_content":"","_price":"","_stock":"","_tribe_ticket_header":"","_tribe_default_ticket_provider":"","_tribe_ticket_capacity":"0","_ticket_start_date":"","_ticket_end_date":"","_tribe_ticket_show_description":"","_tribe_ticket_show_not_going":false,"_tribe_ticket_use_global_stock":"","_tribe_ticket_global_stock_level":"","_global_stock_mode":"","_global_stock_cap":"","_tribe_rsvp_for_event":"","_tribe_ticket_going_count":"","_tribe_ticket_not_going_count":"","_tribe_tickets_list":"[]","_tribe_ticket_has_attendee_info_fields":false,"footnotes":"","_tec_slr_enabled":"","_tec_slr_layout":""},"class_list":["post-280","page","type-page","status-publish","hentry"],"ticketed":false,"_links":{"self":[{"href":"https:\/\/www.gruenerzweig-nw.ch\/neu\/wp-json\/wp\/v2\/pages\/280","targetHints":{"allow":["GET"]}}],"collection":[{"href":"https:\/\/www.gruenerzweig-nw.ch\/neu\/wp-json\/wp\/v2\/pages"}],"about":[{"href":"https:\/\/www.gruenerzweig-nw.ch\/neu\/wp-json\/wp\/v2\/types\/page"}],"author":[{"embeddable":true,"href":"https:\/\/www.gruenerzweig-nw.ch\/neu\/wp-json\/wp\/v2\/users\/1"}],"replies":[{"embeddable":true,"href":"https:\/\/www.gruenerzweig-nw.ch\/neu\/wp-json\/wp\/v2\/comments?post=280"}],"version-history":[{"count":32,"href":"https:\/\/www.gruenerzweig-nw.ch\/neu\/wp-json\/wp\/v2\/pages\/280\/revisions"}],"predecessor-version":[{"id":2610,"href":"https:\/\/www.gruenerzweig-nw.ch\/neu\/wp-json\/wp\/v2\/pages\/280\/revisions\/2610"}],"wp:attachment":[{"href":"https:\/\/www.gruenerzweig-nw.ch\/neu\/wp-json\/wp\/v2\/media?parent=280"}],"curies":[{"name":"wp","href":"https:\/\/api.w.org\/{rel}","templated":true}]}}