{"id":249,"date":"2017-08-14T12:34:15","date_gmt":"2017-08-14T12:34:15","guid":{"rendered":"https:\/\/www.gruenerzweig-nw.ch\/neu\/?page_id=249"},"modified":"2026-02-16T11:30:37","modified_gmt":"2026-02-16T11:30:37","slug":"permakultur","status":"publish","type":"page","link":"https:\/\/www.gruenerzweig-nw.ch\/neu\/permakultur\/","title":{"rendered":"Permakultur"},"content":{"rendered":"<div class=\"wpb-content-wrapper\"><p>[vc_row][vc_column][vc_empty_space height=&#8220;4.35em&#8220; alter_height=&#8220;none&#8220; hide_on_mobile=&#8220;1,3,2&#8243;][\/vc_column][\/vc_row][vc_row][vc_column offset=&#8220;vc_col-lg-6 vc_col-xs-12&#8243;][vc_single_image image=&#8220;1945&#8243; img_size=&#8220;full&#8220; alignment=&#8220;center&#8220; css=&#8220;&#8220;][vc_empty_space height=&#8220;3.7em&#8220; alter_height=&#8220;none&#8220; hide_on_mobile=&#8220;1,3,2&#8243;]<div id=\"sc_content_1538464719\"\n\t\tclass=\"sc_content color_style_default sc_content_default sc_content_width_80p sc_float_right sc_align_right custom_align_left\"><div class=\"sc_content_container\"><div id=\"sc_title_1120106898\"\n\t\tclass=\"sc_title color_style_default sc_title_default\"><h3 class=\"sc_item_title sc_title_title sc_align_right sc_item_title_style_default\">Die 3 Prinzipien der Permakultur<\/h3><\/div><!-- \/.sc_title -->[vc_empty_space height=&#8220;3.3em&#8220; alter_height=&#8220;none&#8220; hide_on_mobile=&#8220;&#8220;]<div id=\"sc_icons_776800464\" \n\tclass=\"sc_icons sc_icons_extra sc_icons_size_medium sc_align_right\"><div class=\"sc_icons_item\"><div id=\"sc_icons_776800464_icon-mill\" class=\"sc_icons_icon sc_icon_type_ icon-mill\"\n\t\t\t\t\t\t\t\t\t\t\t\t><span class=\"sc_icon_type_ icon-mill\"><\/span><\/div>\t\t\t<div class=\"sc_icons_extra_info\">\n\t\t\t\t <h4 class=\"sc_icons_item_title\"><span>Earth care<\/span><\/h4><div class=\"sc_icons_item_description\"><span>verantwortungsbewusster Umgang mit der Erde<\/span><\/div>\t\t\t<\/div>\n\t\t<\/div><div class=\"sc_icons_item\"><div id=\"sc_icons_776800464_icon-grain\" class=\"sc_icons_icon sc_icon_type_ icon-grain\"\n\t\t\t\t\t\t\t\t\t\t\t\t><span class=\"sc_icon_type_ icon-grain\"><\/span><\/div>\t\t\t<div class=\"sc_icons_extra_info\">\n\t\t\t\t <h4 class=\"sc_icons_item_title\"><span>People care<\/span><\/h4><div class=\"sc_icons_item_description\"><span>achtsamer Umgang mit den Menschen<\/span><\/div>\t\t\t<\/div>\n\t\t<\/div><div class=\"sc_icons_item\"><div id=\"sc_icons_776800464_icon-tree-2\" class=\"sc_icons_icon sc_icon_type_ icon-tree-2\"\n\t\t\t\t\t\t\t\t\t\t\t\t><span class=\"sc_icon_type_ icon-tree-2\"><\/span><\/div>\t\t\t<div class=\"sc_icons_extra_info\">\n\t\t\t\t <h4 class=\"sc_icons_item_title\"><span>Faire share<\/span><\/h4><div class=\"sc_icons_item_description\"><span>unserem Konsum Grenzen setzten<\/span><\/div>\t\t\t<\/div>\n\t\t<\/div><\/div><!-- \/.sc_icons -->[vc_empty_space height=&#8220;2.5em&#8220; alter_height=&#8220;none&#8220; hide_on_mobile=&#8220;&#8220;]<\/div><\/div><!-- \/.sc_content -->[vc_row_inner][vc_column_inner][vc_column_text css=&#8220;&#8220;]<\/p>\n<p style=\"padding-left: 40px;\">Am Anfang eines Permakulturgartens steht das Design (Zonenplan). Darin werden<br \/>\nTopografie, Winde und nat\u00fcrliche Lebensr\u00e4ume ber\u00fccksichtigt und 5 Zonen eines sich selbst<br \/>\nerhaltenden \u00d6kosystems festgelegt. Angrenzend an die Wohnzone (0) werden Gem\u00fcse und<br \/>\nKr\u00e4uter angebaut (1). Dann kommen Beeren und Obstb\u00e4ume (2) deren Pflege weniger<br \/>\nintensiv ist. Es folgen Anbaufl\u00e4chen f\u00fcr Getreide und Weiden f\u00fcr die Tierhaltung (3). Die<br \/>\nZone 4 steht f\u00fcr k\u00fcnstlich angelegte \u00d6kosysteme wie Teiche und Wildhecken, die kaum<br \/>\nPflege brauchen. Die letzte Zone 5 ist ein sich nat\u00fcrlich entwickelndes Wildgebiet und wird<br \/>\nvom Menschen nicht genutzt.<\/p>\n<p style=\"padding-left: 40px;\">Ziel dieses Designs ist es, ein sich selbst regulierendes \u00d6kosystem anzulegen mit einer<br \/>\nvielf\u00e4ltigen Flora und Fauna. Es braucht erfahrungsgem\u00e4ss mindesten 10 Jahre bis die<br \/>\nB\u00f6den wieder eine hohe Fruchtbarkeit durch steten Aufbau mit Kompost erlangen. Auch<br \/>\nWildtiere lassen sich Zeit zur\u00fcckzukommen und mitzuhelfen, ein nat\u00fcrliches \u00d6kosystem zu<br \/>\nunterhalten.<br \/>\nDa unser Garten in Laufen unmittelbar an ein offenes, l\u00e4ndliches Gebiet angrenzt,<br \/>\nbekommen wir regelm\u00e4ssig Besuch von F\u00fcchsen und Rehen. Auch Feldhasen und St\u00f6rche<br \/>\nkonnten wir beobachten. Am Rande unseres Naturteichs sonnen sich Enten und unter<br \/>\nunserer Jurte hat sich ein Igel eingenistet. Die Zahl von Blindschleichen steigt und auch der<br \/>\nseltene Neunt\u00f6ter aus der Vogelfamilie der W\u00fcrger f\u00fchlt sich bei uns wohl. Wir hoffen mit<br \/>\ndem Naturteich und den Biotopen wieder Lebensraum f\u00fcr die bedrohte Geburtshelferkr\u00f6te<br \/>\n(Gl\u00f6gglifrosch) bieten zu k\u00f6nnen.<\/p>\n<p>[\/vc_column_text][\/vc_column_inner][\/vc_row_inner][\/vc_column][vc_column offset=&#8220;vc_col-lg-6 vc_col-xs-12&#8243;]<div id=\"sc_title_76233053\"\n\t\tclass=\"sc_title color_style_default sc_title_default\"><h6 class=\"sc_item_subtitle sc_title_subtitle sc_align_left sc_item_title_style_default\">Unsere Arbeit<\/h6><h3 class=\"sc_item_title sc_title_title sc_align_left sc_item_title_style_default\">Was machen wir?<\/h3><div class=\"sc_item_descr sc_title_descr sc_align_left\"><p>Permakultur (engl. permanent agriculture) ist mehr als nur eine nachhaltige Form der Landwirtschaft ohne Verwendung von Chemie.<\/p>\n<\/div><\/div><!-- \/.sc_title -->[vc_column_text css=&#8220;&#8220;]<strong>In den 1970 Jahren begr\u00fcndetet der australische Biologe Bill Mollison die Permakultur.<\/strong><br \/>\n<strong>Sie wurde von seinem Landsmannn David Holmgren weiterentwickelt. In \u00d6sterreich<\/strong><br \/>\n<strong>hat sich Sepp Holzer einen Namen als Permakulturpionier gemacht. Auf seinem<\/strong><br \/>\n<strong>Anwesen auf 1500 M \u00fc M hat er mit einem ausgekl\u00fcgeltes Teichsystem ein Microklima<\/strong><br \/>\n<strong>geschaffen, dass den Anbau von Aprikosen und anderen w\u00e4rmeliebenden Pflanzen<\/strong><br \/>\n<strong>erlaubt.<\/strong><\/p>\n<p>Sie ist eine Lebensphilosophie, die das<br \/>\nrespektvolle Miteinander von Menschen und Natur betont. Alles hat seinen Sinn und seine<br \/>\nExistenzberechtigung, auch wenn wir Menschen auf die gefr\u00e4ssigen Nacktschnecken und<br \/>\ndie l\u00e4stigen Zecken und Stechm\u00fccken verzichten k\u00f6nnten. Durch Beobachtung der Natur<br \/>\nsollen das Zusammenspiel des Menschen mit der Pflanzen- und Tierwelt besser verstanden<br \/>\nwerden.[\/vc_column_text][vc_empty_space height=&#8220;2.8em&#8220; alter_height=&#8220;none&#8220; hide_on_mobile=&#8220;&#8220;][vc_empty_space height=&#8220;4.4em&#8220; alter_height=&#8220;none&#8220; hide_on_mobile=&#8220;&#8220;][vc_tta_tabs color=&#8220;vista-blue&#8220; active_section=&#8220;1&#8243;][vc_tta_section title=&#8220;Earth care&#8220; tab_id=&#8220;1751478773004-c7570eba-1569&#8243;][vc_column_text css=&#8220;&#8220;]Die Erde mit all ihren Lebensformen ist wertvoll und sch\u00fctzenswert. Die Permakultur achtet<br \/>\nbesonders auf die F\u00f6rderung der Bodenfruchtbarkeit. Wir produzieren unseren eigenen<br \/>\nKompost. Wir graben den Boden nicht um, um die Mikroorganismen in den verschiedenen<br \/>\nBodenschichten zu erhalten. Der Boden ist ein Spiegel der Gesellschaft \u2013 wo Vielfalt<br \/>\ngef\u00f6rdert wird, entsteht Fruchtbarkeit. Die Beete werden gemulcht, um sie vor dem<\/p>\n<p>Austrocknen und \u00fcberm\u00e4ssigem Beikraut zu sch\u00fctzen. Pflanzen werden so kombiniert, dass<br \/>\nsie sich in ihrem Wachstum gegenseitig unterst\u00fctzen.<br \/>\nWir n\u00fctzen nat\u00fcrlicher Ressourcen, sammeln das Regenwasser der umliegenden D\u00e4cher<br \/>\nund bauen aus alten Ziegeln Sonnenfallen f\u00fcr w\u00e4rmeliebende B\u00e4ume. Von einer<br \/>\nbenachbarten Kantine erhalten wir deren R\u00fcstabf\u00e4lle und beliefern die K\u00fcche dort mit<br \/>\nunseren Produkten. Eine Kreislaufwirtschaft mit kurzen Transportwegen wird angestrebt.[\/vc_column_text][\/vc_tta_section][vc_tta_section title=&#8220;People care&#8220; tab_id=&#8220;1751478773004-9c8e5eeb-b66e&#8220;][vc_column_text css=&#8220;&#8220;]Das Wohlbefinden des Menschen, seine Gesundheit und die Wertsch\u00e4tzung seiner Arbeit<br \/>\nstehen im Mittelpunkt. Obwohl in der Permakultur viel Handarbeit gefragt ist, steht nicht die<br \/>\nLeistung im Zentrum. Der Garten steht Menschen offen, die die Ruhe des Ortes und seine<br \/>\nSch\u00f6nheit geniessen wollen. Auch Asylsuchenden, die eine sinnvolle T\u00e4tigkeit suchen oder<br \/>\nMenschen, die sich in einer schwierigen Lebenssituation befinden sind willkommen. Alle<br \/>\nk\u00f6nnen sich so einbringen, dass ihre Talente zur Geltung kommen, ihre Interessen<br \/>\nber\u00fccksichtig und ihre Grenzen bewahrt bleiben. Das gemeinschaftlich &#8211; kooperative Denken<br \/>\nbestimmt unsere Arbeitsweise. Alle tragen zum Gedeihen des Gartens bei. Es gibt keine<br \/>\nPrivatfl\u00e4chen f\u00fcr Individualg\u00e4rtner:innen.[\/vc_column_text][\/vc_tta_section][vc_tta_section title=&#8220;Faire share&#8220; tab_id=&#8220;1751478903978-219ba426-3ec8&#8243;][vc_column_text css=&#8220;&#8220;]Die Ressourcen unseres Planeten sind beschr\u00e4nkt. Wenn es f\u00fcr alle reichen soll, m\u00fcssen wir<br \/>\nmiteinander teilen. Daher nehmen alle von der Ernte nur, was sie auch brauchen und fragen<br \/>\nsich &amp;quot;wieviel ist (f\u00fcr mich) genug&amp;quot;? Was wir nicht selber konsumieren, verkaufen oder<br \/>\nverschenken wir. Wir teilen unser Wissen &#8211; zum Beispiel an den ersten Samstagen jeden<br \/>\nMonats &#8211; mit kurzen Workshops zu Gartenthemen. (Link zu &amp;quot;Aktuelles&amp;quot;)<br \/>\nNach M\u00f6glichkeit stellen wir einander unsere Gartenmaschinen und Werkzeuge zur<br \/>\nVerf\u00fcgung oder leihen sie von Bekannten aus.<br \/>\nUnser Verst\u00e4ndnis vom Teilen erstreckt sich auch auf die Tierwelt. Ohne die Verwendung von<br \/>\nchemischen Pflanzenschutzmitteln haben wir es oft mit \u00abMitessern\u00bb zu tun, seien es<br \/>\nKartoffelk\u00e4fer, M\u00e4use oder Schnecken. Diesen f\u00e4llt zwar ein Teil der Pflanzen zum Opfer,<br \/>\ndiesen Minderertrag rechnen wir jedoch mit ein oder schreiten bei invasivem Befall zu einer<br \/>\nEinsammelaktion mit anschliessender Deportation in ein Waldgebiet.[\/vc_column_text][\/vc_tta_section][\/vc_tta_tabs][\/vc_column][\/vc_row][vc_row][vc_column offset=&#8220;vc_col-lg-6 vc_col-xs-12&#8243;][vc_single_image image=&#8220;1952&#8243; img_size=&#8220;full&#8220; alignment=&#8220;center&#8220; css=&#8220;&#8220;][vc_empty_space height=&#8220;2.5em&#8220; alter_height=&#8220;none&#8220; hide_on_mobile=&#8220;&#8220;][\/vc_column][vc_column offset=&#8220;vc_col-lg-6 vc_col-xs-12&#8243;]<div id=\"sc_content_1170297982\"\n\t\tclass=\"sc_content color_style_default sc_content_default sc_content_width_90p sc_float_left sc_align_left\"><div class=\"sc_content_container\"><div id=\"sc_title_358845515\"\n\t\tclass=\"sc_title color_style_default sc_title_default  vc_custom_1751478640466\"><h3 class=\"sc_item_title sc_title_title sc_align_left sc_item_title_style_default\">Wie k\u00f6nnen Sie uns kontaktieren?<\/h3><div class=\"sc_item_descr sc_title_descr sc_align_left\"><p>schreiben Sie uns gleich hier!<\/p>\n<\/div><\/div><!-- \/.sc_title -->[vc_empty_space height=&#8220;0.9em&#8220; alter_height=&#8220;none&#8220; hide_on_mobile=&#8220;&#8220;]\n<div class=\"wpcf7 no-js\" id=\"wpcf7-f1709-o1\" lang=\"en-US\" dir=\"ltr\" data-wpcf7-id=\"1709\">\n<div class=\"screen-reader-response\"><p role=\"status\" aria-live=\"polite\" aria-atomic=\"true\"><\/p> <ul><\/ul><\/div>\n<form action=\"\/neu\/wp-json\/wp\/v2\/pages\/249#wpcf7-f1709-o1\" method=\"post\" class=\"wpcf7-form init\" aria-label=\"Contact form\" novalidate=\"novalidate\" data-status=\"init\">\n<div style=\"display: none;\">\n<input type=\"hidden\" name=\"_wpcf7\" value=\"1709\" \/>\n<input type=\"hidden\" name=\"_wpcf7_version\" value=\"6.0.3\" \/>\n<input type=\"hidden\" name=\"_wpcf7_locale\" value=\"en_US\" \/>\n<input type=\"hidden\" name=\"_wpcf7_unit_tag\" value=\"wpcf7-f1709-o1\" \/>\n<input type=\"hidden\" name=\"_wpcf7_container_post\" value=\"0\" \/>\n<input type=\"hidden\" name=\"_wpcf7_posted_data_hash\" value=\"\" \/>\n<\/div>\n<div class=\"flex\">\n<div class='itm row' ><span class=\"wpcf7-form-control-wrap\" data-name=\"your-name\"><input size=\"40\" maxlength=\"400\" class=\"wpcf7-form-control wpcf7-text wpcf7-validates-as-required\" aria-required=\"true\" aria-invalid=\"false\" placeholder=\"Name*\" value=\"\" type=\"text\" name=\"your-name\" \/><\/span><\/div> \n<div class='itm row'><span class=\"wpcf7-form-control-wrap\" data-name=\"your-email\"><input size=\"40\" maxlength=\"400\" class=\"wpcf7-form-control wpcf7-email wpcf7-validates-as-required wpcf7-text wpcf7-validates-as-email\" aria-required=\"true\" aria-invalid=\"false\" placeholder=\"Email*\" value=\"\" type=\"email\" name=\"your-email\" \/><\/span><\/div><\/div>\n<div class='row'><span class=\"wpcf7-form-control-wrap\" data-name=\"your-message\"><textarea cols=\"40\" rows=\"10\" maxlength=\"2000\" class=\"wpcf7-form-control wpcf7-textarea wpcf7-validates-as-required\" aria-required=\"true\" aria-invalid=\"false\" placeholder=\"Ihre Nachricht*\" name=\"your-message\"><\/textarea><\/span><\/div>\n<div class=\"sc_form_field sc_form_field_button sc_form_field_submit\">\n<input class=\"wpcf7-form-control wpcf7-submit has-spinner\" type=\"submit\" value=\"SENDEN\" \/><\/div><div class=\"wpcf7-response-output\" aria-hidden=\"true\"><\/div>\n<\/form>\n<\/div>\n[vc_empty_space height=&#8220;3.75em&#8220; alter_height=&#8220;none&#8220; hide_on_mobile=&#8220;&#8220;][vc_empty_space height=&#8220;3.75em&#8220; alter_height=&#8220;none&#8220; hide_on_mobile=&#8220;1,3,2&#8243;]<\/div><\/div><!-- \/.sc_content -->[\/vc_column][\/vc_row][vc_row][vc_column offset=&#8220;vc_col-lg-6 vc_col-xs-12&#8243;]<div id=\"sc_content_242669463\"\n\t\tclass=\"sc_content color_style_default sc_content_default sc_content_width_75p sc_float_right sc_align_right custom_align_left\"><div class=\"sc_content_container\">[vc_column_text css=&#8220;&#8220;]<\/p>\n<p style=\"text-align: left;\"><strong>Die 5 R&#8217;s<\/strong><\/p>\n<p style=\"text-align: left;\">1. <strong><span style=\"color: #ff0000;\">Refuse<\/span><\/strong><br \/>\nWeise das Produkt\/den Konsumartikel zur\u00fcck \u2013 kaufe ihn gar nicht<\/p>\n<p style=\"text-align: left;\">2. <strong><span style=\"color: #33cccc;\">Reduce<\/span><\/strong><br \/>\nReduziere deinen Ver- und Gebrauch bestimmter Produkte<\/p>\n<p style=\"text-align: left;\">3. <strong><span style=\"color: #339966;\">Reuse<\/span><\/strong><br \/>\nVerwende das Produkt weiter (z.B. Second Hand Kleidung)<\/p>\n<p style=\"text-align: left;\">4. <strong><span style=\"color: #ffcc00;\">Repair<\/span><\/strong><br \/>\nRepariere das Produkt bzw. kaufe m\u00f6gl\u00f6ichst nur reparaturfreudiege Produkte<\/p>\n<p style=\"text-align: left;\">5. <strong><span style=\"color: #999999;\">Recycle<\/span><\/strong><br \/>\nVerwerte das Produkt, wenn es seine Funktion nicht mehr erf\u00fcllt und f\u00fchre es (ganz oder Teile davon) wieder in den Kreislauf zur\u00fcck[\/vc_column_text][vc_empty_space height=&#8220;2em&#8220; alter_height=&#8220;none&#8220; hide_on_mobile=&#8220;&#8220;]<\/div><\/div><!-- \/.sc_content -->[\/vc_column][vc_column width=&#8220;1\/2&#8243; offset=&#8220;vc_col-lg-6 vc_col-xs-12&#8243;][vc_round_chart type=&#8220;doughnut&#8220; stroke_width=&#8220;2&#8243; legend=&#8220;&#8220; tooltips=&#8220;&#8220; values=&#8220;%5B%7B%22title%22%3A%22Refuse%22%2C%22value%22%3A%2225%22%2C%22color%22%3A%22juicy-pink%22%7D%2C%7B%22title%22%3A%22Reduce%22%2C%22value%22%3A%2225%22%2C%22color%22%3A%22turquoise%22%7D%2C%7B%22title%22%3A%22Reuse%22%2C%22value%22%3A%2225%22%2C%22color%22%3A%22green%22%7D%2C%7B%22title%22%3A%22Repair%22%2C%22value%22%3A%2225%22%2C%22color%22%3A%22orange%22%7D%2C%7B%22title%22%3A%22Recycle%22%2C%22value%22%3A%2225%22%2C%22color%22%3A%22chino%22%7D%5D&#8220; css_animation=&#8220;none&#8220; css=&#8220;.vc_custom_1751480333546{margin-top: 0px !important;margin-right: 155px !important;margin-left: 155px !important;}&#8220;][vc_empty_space height=&#8220;3.3em&#8220; alter_height=&#8220;none&#8220; hide_on_mobile=&#8220;&#8220;][\/vc_column][\/vc_row]<\/p>\n<\/div>","protected":false},"excerpt":{"rendered":"<p>[vc_row][vc_column][vc_empty_space height=&#8220;4.35em&#8220; alter_height=&#8220;none&#8220; hide_on_mobile=&#8220;1,3,2&#8243;][\/vc_column][\/vc_row][vc_row][vc_column offset=&#8220;vc_col-lg-6 vc_col-xs-12&#8243;][vc_single_image image=&#8220;1945&#8243; img_size=&#8220;full&#8220; alignment=&#8220;center&#8220; css=&#8220;&#8220;][vc_empty_space height=&#8220;3.7em&#8220; alter_height=&#8220;none&#8220; hide_on_mobile=&#8220;1,3,2&#8243;][vc_row_inner][vc_column_inner][vc_column_text css=&#8220;&#8220;] Am Anfang eines Permakulturgartens steht das Design (Zonenplan). Darin werden Topografie, Winde und nat\u00fcrliche Lebensr\u00e4ume ber\u00fccksichtigt&hellip;<\/p>\n","protected":false},"author":1,"featured_media":0,"parent":0,"menu_order":0,"comment_status":"closed","ping_status":"closed","template":"","meta":{"_siteseo_robots_primary_cat":"","pagelayer_contact_templates":[],"_pagelayer_content":"","_price":"","_stock":"","_tribe_ticket_header":"","_tribe_default_ticket_provider":"","_tribe_ticket_capacity":"0","_ticket_start_date":"","_ticket_end_date":"","_tribe_ticket_show_description":"","_tribe_ticket_show_not_going":false,"_tribe_ticket_use_global_stock":"","_tribe_ticket_global_stock_level":"","_global_stock_mode":"","_global_stock_cap":"","_tribe_rsvp_for_event":"","_tribe_ticket_going_count":"","_tribe_ticket_not_going_count":"","_tribe_tickets_list":"[]","_tribe_ticket_has_attendee_info_fields":false,"footnotes":"","_tec_slr_enabled":"","_tec_slr_layout":""},"class_list":["post-249","page","type-page","status-publish","hentry"],"ticketed":false,"_links":{"self":[{"href":"https:\/\/www.gruenerzweig-nw.ch\/neu\/wp-json\/wp\/v2\/pages\/249","targetHints":{"allow":["GET"]}}],"collection":[{"href":"https:\/\/www.gruenerzweig-nw.ch\/neu\/wp-json\/wp\/v2\/pages"}],"about":[{"href":"https:\/\/www.gruenerzweig-nw.ch\/neu\/wp-json\/wp\/v2\/types\/page"}],"author":[{"embeddable":true,"href":"https:\/\/www.gruenerzweig-nw.ch\/neu\/wp-json\/wp\/v2\/users\/1"}],"replies":[{"embeddable":true,"href":"https:\/\/www.gruenerzweig-nw.ch\/neu\/wp-json\/wp\/v2\/comments?post=249"}],"version-history":[{"count":20,"href":"https:\/\/www.gruenerzweig-nw.ch\/neu\/wp-json\/wp\/v2\/pages\/249\/revisions"}],"predecessor-version":[{"id":2544,"href":"https:\/\/www.gruenerzweig-nw.ch\/neu\/wp-json\/wp\/v2\/pages\/249\/revisions\/2544"}],"wp:attachment":[{"href":"https:\/\/www.gruenerzweig-nw.ch\/neu\/wp-json\/wp\/v2\/media?parent=249"}],"curies":[{"name":"wp","href":"https:\/\/api.w.org\/{rel}","templated":true}]}}