{"id":2480,"date":"2026-02-08T09:23:25","date_gmt":"2026-02-08T09:23:25","guid":{"rendered":"https:\/\/www.gruenerzweig-nw.ch\/neu\/?page_id=2480"},"modified":"2026-02-08T11:36:17","modified_gmt":"2026-02-08T11:36:17","slug":"datenschutzerklaerung","status":"publish","type":"page","link":"https:\/\/www.gruenerzweig-nw.ch\/neu\/datenschutzerklaerung\/","title":{"rendered":"Datenschutzerkl\u00e4rung"},"content":{"rendered":"<div class=\"wpb-content-wrapper\"><p>[vc_row hide_bg_image_on_tablet=&#8220;&#8220; hide_bg_image_on_mobile=&#8220;&#8220; css=&#8220;.vc_custom_1527690597112{background-color: #f7f8f9 !important;}&#8220;][vc_column icons_position=&#8220;left&#8220;]<div id=\"sc_content_63017207\"\n\t\tclass=\"sc_content color_style_default sc_content_default sc_float_center p70\"><div class=\"sc_content_container\">[vc_column_text css=&#8220;&#8220;]<\/p>\n<h3><strong>Datenschutzerkl\u00e4rung<\/strong><\/h3>\n<p><strong>1. Allgemeine Hinweise<\/strong><br \/>\nDer Schutz Ihrer pers\u00f6nlichen Daten ist uns ein wichtiges Anliegen. In dieser Datenschutzerkl\u00e4rung informieren wir Sie dar\u00fcber, welche personenbezogenen Daten beim Besuch unserer Website erhoben und wie sie verwendet werden.<\/p>\n<p>Die Bearbeitung Ihrer Daten erfolgt gem\u00e4\u00df dem Schweizer Datenschutzgesetz (DSG) sowie \u2013 soweit anwendbar \u2013 der Datenschutz-Grundverordnung (DSGVO).<\/p>\n<p><strong>2. Verantwortliche Stelle<\/strong><br \/>\nVerantwortlich f\u00fcr die Datenbearbeitung auf dieser Website ist:<\/p>\n<p>Permagartenkulturverein<br \/>\nKohlenbachstrasse 85, 4252 Laufen<br \/>\n<a href=\"mailto:info@gruenerzweig-nw.ch\">info@gruenerzweig-nw.ch<\/a><\/p>\n<p><strong>3. Erhebung und Verarbeitung personenbezogener Daten<\/strong><br \/>\nUnsere Website kann grunds\u00e4tzlich ohne Angabe personenbezogener Daten besucht werden.<\/p>\n<p>Personenbezogene Daten werden nur erhoben, wenn Sie diese freiwillig mitteilen, zum Beispiel \u00fcber ein Kontaktformular, durch das Hinterlassen eines Kommentars oder per E-Mail-Kontakt.<\/p>\n<p>Die \u00fcbermittelten Daten werden ausschlie\u00dflich zur Bearbeitung Ihrer Anfrage oder Ihres Anliegens verwendet.<\/p>\n<p><strong>4. Kommentare<\/strong><br \/>\nWenn Besucherinnen und Besucher Kommentare auf unserer Website hinterlassen, werden die im Kommentarformular eingegebenen Daten gespeichert. Dies dient der Darstellung der Kommentare sowie der Sicherheit der Website.<\/p>\n<p><strong>5. Cookies<\/strong><br \/>\nUnsere Website kann Cookies verwenden. Cookies richten auf Ihrem Endger\u00e4t keinen Schaden an und enthalten keine Viren. Sie dienen dazu, die Website nutzerfreundlicher und funktional zu gestalten.<\/p>\n<p>Sie k\u00f6nnen Ihren Browser so einstellen, dass Sie \u00fcber das Setzen von Cookies informiert werden oder Cookies ganz deaktivieren.<\/p>\n<p><strong>6. Server-Logfiles<\/strong><br \/>\nDer Hosting-Provider unserer Website erhebt und speichert automatisch Informationen in sogenannten Server-Logfiles, wie zum Beispiel IP-Adresse, Browsertyp und -version, Betriebssystem sowie Datum und Uhrzeit des Zugriffs.<\/p>\n<p>Diese Daten sind nicht bestimmten Personen zuordenbar und werden nicht mit anderen Datenquellen zusammengef\u00fchrt.<\/p>\n<p><strong>7. Weitergabe von Daten<\/strong><br \/>\nEs erfolgt keine Weitergabe personenbezogener Daten an Dritte, sofern keine gesetzliche Verpflichtung dazu besteht.<\/p>\n<p><strong>8. Ihre Rechte<\/strong><br \/>\nSie haben im Rahmen der geltenden Datenschutzgesetze jederzeit das Recht auf Auskunft \u00fcber Ihre gespeicherten personenbezogenen Daten, auf Berichtigung unrichtiger Daten sowie auf L\u00f6schung Ihrer Daten, sofern keine gesetzliche Aufbewahrungspflicht besteht.<\/p>\n<p>Anfragen richten Sie bitte an die oben genannte Kontaktadresse.<\/p>\n<p><strong>9. \u00c4nderungen<\/strong><br \/>\nDiese Datenschutzerkl\u00e4rung kann bei Bedarf angepasst werden, zum Beispiel bei \u00c4nderungen der Website oder der gesetzlichen Vorgaben.[\/vc_column_text]<\/div><\/div><!-- \/.sc_content -->[vc_empty_space height=&#8220;4em&#8220; alter_height=&#8220;none&#8220; hide_on_mobile=&#8220;&#8220; hide_on_desktop=&#8220;&#8220; hide_on_notebook=&#8220;&#8220; hide_on_tablet=&#8220;&#8220;][\/vc_column][\/vc_row]<\/p>\n<\/div>","protected":false},"excerpt":{"rendered":"<p>[vc_row hide_bg_image_on_tablet=&#8220;&#8220; hide_bg_image_on_mobile=&#8220;&#8220; css=&#8220;.vc_custom_1527690597112{background-color: #f7f8f9 !important;}&#8220;][vc_column icons_position=&#8220;left&#8220;][vc_empty_space height=&#8220;4em&#8220; alter_height=&#8220;none&#8220; hide_on_mobile=&#8220;&#8220; hide_on_desktop=&#8220;&#8220; hide_on_notebook=&#8220;&#8220; hide_on_tablet=&#8220;&#8220;][\/vc_column][\/vc_row]<\/p>\n","protected":false},"author":1,"featured_media":0,"parent":0,"menu_order":0,"comment_status":"closed","ping_status":"closed","template":"","meta":{"_siteseo_robots_primary_cat":"","pagelayer_contact_templates":[],"_pagelayer_content":"","_price":"","_stock":"","_tribe_ticket_header":"","_tribe_default_ticket_provider":"","_tribe_ticket_capacity":"0","_ticket_start_date":"","_ticket_end_date":"","_tribe_ticket_show_description":"","_tribe_ticket_show_not_going":false,"_tribe_ticket_use_global_stock":"","_tribe_ticket_global_stock_level":"","_global_stock_mode":"","_global_stock_cap":"","_tribe_rsvp_for_event":"","_tribe_ticket_going_count":"","_tribe_ticket_not_going_count":"","_tribe_tickets_list":"[]","_tribe_ticket_has_attendee_info_fields":false,"footnotes":"","_tec_slr_enabled":"","_tec_slr_layout":""},"class_list":["post-2480","page","type-page","status-publish","hentry"],"ticketed":false,"_links":{"self":[{"href":"https:\/\/www.gruenerzweig-nw.ch\/neu\/wp-json\/wp\/v2\/pages\/2480","targetHints":{"allow":["GET"]}}],"collection":[{"href":"https:\/\/www.gruenerzweig-nw.ch\/neu\/wp-json\/wp\/v2\/pages"}],"about":[{"href":"https:\/\/www.gruenerzweig-nw.ch\/neu\/wp-json\/wp\/v2\/types\/page"}],"author":[{"embeddable":true,"href":"https:\/\/www.gruenerzweig-nw.ch\/neu\/wp-json\/wp\/v2\/users\/1"}],"replies":[{"embeddable":true,"href":"https:\/\/www.gruenerzweig-nw.ch\/neu\/wp-json\/wp\/v2\/comments?post=2480"}],"version-history":[{"count":9,"href":"https:\/\/www.gruenerzweig-nw.ch\/neu\/wp-json\/wp\/v2\/pages\/2480\/revisions"}],"predecessor-version":[{"id":2494,"href":"https:\/\/www.gruenerzweig-nw.ch\/neu\/wp-json\/wp\/v2\/pages\/2480\/revisions\/2494"}],"wp:attachment":[{"href":"https:\/\/www.gruenerzweig-nw.ch\/neu\/wp-json\/wp\/v2\/media?parent=2480"}],"curies":[{"name":"wp","href":"https:\/\/api.w.org\/{rel}","templated":true}]}}