{"id":247,"date":"2025-01-30T12:15:37","date_gmt":"2025-01-30T12:15:37","guid":{"rendered":"https:\/\/www.gruenerzweig-nw.ch\/neu\/?post_type=cpt_services&#038;p=247"},"modified":"2025-12-05T10:14:12","modified_gmt":"2025-12-05T10:14:12","slug":"oeko-flaechen","status":"publish","type":"cpt_services","link":"https:\/\/www.gruenerzweig-nw.ch\/neu\/services\/oeko-flaechen\/","title":{"rendered":"\u00d6ko-Fl\u00e4chen"},"content":{"rendered":"<h4 data-start=\"193\" data-end=\"259\">\u00d6kofl\u00e4chen im Permakulturgarten \u2013 Lebensr\u00e4ume f\u00fcr Vielfalt<\/h4>\n<p data-start=\"261\" data-end=\"514\">\u00d6kofl\u00e4chen sind das Herz eines Permakulturgartens. Sie verbinden nachhaltige Bewirtschaftung mit dem Schutz der nat\u00fcrlichen Lebensr\u00e4ume. Anstatt jede Fl\u00e4che \u201enutzbar\u201c zu machen, schaffen wir bewusst Orte, an denen die Natur sich selbst entfalten darf.<\/p>\n<p data-start=\"516\" data-end=\"822\">Dazu geh\u00f6ren Wildblumenwiesen, Totholzhaufen, kleine Teiche, Hecken oder Steinmauern \u2013 Strukturen, die Insekten, V\u00f6geln und Kleintieren Nahrung und Unterschlupf bieten. Diese Vielfalt f\u00f6rdert ein stabiles \u00d6kosystem, in dem sich Pflanzen gegenseitig unterst\u00fctzen und Sch\u00e4dlinge nat\u00fcrlich reguliert werden.<\/p>\n<p data-start=\"824\" data-end=\"1040\">\u00d6kofl\u00e4chen sind nicht nur \u00f6kologisch wertvoll, sondern auch \u00e4sthetisch bereichernd. Sie zeigen, dass ein lebendiger Garten mehr ist als gepflegte Beete \u2013 er ist ein Ort des Gleichgewichts zwischen Mensch und Natur.<\/p>\n<p data-start=\"1042\" data-end=\"1210\">Wer Permakultur lebt, gestaltet \u00d6kofl\u00e4chen bewusst: als Beitrag zur Artenvielfalt, zum Bodenschutz und zur inneren Ruhe, die ein lebendiger, summender Garten schenkt.<\/p>\n\n\n<h4 class=\"wp-block-heading\">\u00d6kofl\u00e4chen im Gr\u00fcnen Zweig<\/h4>\n\n\n\n<p>Das Areal des &#8222;Gr\u00fcnen Zweiges&#8220; ist in verschiedene Bereiche gegliedert.<\/p>\n\n\n\n<p>Die verschieden genutzten Zonen sollen m\u00f6glichst allen Lebewesen Platz zum Leben und zum Sein bieten.<\/p>\n\n\n\n<p>Unsere \u00d6kofl\u00e4chen sind ein Versuch, einem Zusammenspiel von unkultivierten Pflanzen und freilebenden Tieren gerecht zu werden, in einem steten Lernprozess, im Bem\u00fchen um Toleranz und mit achtsamem Eingreifen.<\/p>\n\n\n\n<p><strong>Zone 5<\/strong> Das Waldst\u00fcck mit altem Baumbestand und dichtem Unterholz wird von uns Menschen nicht betreten, damit das entstandene \u00d6kosystem m\u00f6glichst nicht gest\u00f6rt wird.<\/p>\n\n\n\n<p><strong>Zone 4<\/strong> Der alte Heckenbereich mit B\u00e4umen, dicht wachsenden Kleingeh\u00f6lzen und Dornenstr\u00e4uchern sch\u00e4tzen viele tierische Besucher als Lebensraum oder schutzspendenden R\u00fcckzugsort. Wir dezimieren nur die wild wachsenden Himbeeren am Rande zur Heuwiese. Daran anschliessend haben wir mit einheimischen Heckenpflanzen die Vernetzung erweitert. Die Hecke dient als Windschutz f\u00fcr die davor liegenden Obstb\u00e4ume und Beerenstr\u00e4ucher.<\/p>\n\n\n\n<p><strong>Zone 3<\/strong> Die stehengelassene Wildwiese verbindet die Geh\u00f6lze mit dem so wichtigen Heckensaum. Dieses hohe, alte Gras bleibt \u00fcbers Jahr stehen und bietet den Wiesenbewohnern Nistplatz und zudem Unterschlupf, wenn die angrenzenden landwirtschaftlichen Fl\u00e4chen nicht mehr viel zu bieten haben. Unsere Wiesenfl\u00e4chen m\u00e4hen wir gestaffelt mit Sensen, um Kleinlebewesen und Insekten zu schonen. Das zu Heinzen aufgeschichtete Heu bietet weiteren Lebensraum w\u00e4hrend der M\u00e4hsaison.<\/p>\n\n\n\n<p>Ast- und Steinhaufen, Holzbeigen, stehendes Totholz, offene Kies- und Sandfl\u00e4chen, das Rindenmulchlager sowie unsere sieben Kompostmieten bieten auf dem ganzen Areal verteilt gern genutzter Lebensraum.<\/p>\n\n\n\n<p>Diverse vierbeinige und gefl\u00fcgelte Bewohner k\u00f6nnen auf dem Areal beobachtet oder am Gesang erkannt werden. Die Raubtiere halten die M\u00e4usepopulation schon sehr gut im Gleichgewicht.<\/p>\n\n\n\n<p>Der grossz\u00fcgige, neu angelegte Teich mit seiner vielf\u00e4lltigen Uferzone bereitet Menschen wie auch tierischen Besuchern viel Freude.<\/p>\n","protected":false},"excerpt":{"rendered":"<p>\u00d6kofl\u00e4chen im Permakulturgarten \u2013 Lebensr\u00e4ume f\u00fcr Vielfalt \u00d6kofl\u00e4chen sind das Herz eines Permakulturgartens. Sie verbinden nachhaltige Bewirtschaftung mit dem Schutz der nat\u00fcrlichen Lebensr\u00e4ume. Anstatt jede Fl\u00e4che \u201enutzbar\u201c zu machen, schaffen&hellip;<\/p>\n","protected":false},"author":1,"featured_media":1927,"comment_status":"open","ping_status":"closed","template":"","class_list":["post-247","cpt_services","type-cpt_services","status-publish","has-post-thumbnail","hentry","cpt_services_group-allgemein"],"_links":{"self":[{"href":"https:\/\/www.gruenerzweig-nw.ch\/neu\/wp-json\/wp\/v2\/cpt_services\/247","targetHints":{"allow":["GET"]}}],"collection":[{"href":"https:\/\/www.gruenerzweig-nw.ch\/neu\/wp-json\/wp\/v2\/cpt_services"}],"about":[{"href":"https:\/\/www.gruenerzweig-nw.ch\/neu\/wp-json\/wp\/v2\/types\/cpt_services"}],"author":[{"embeddable":true,"href":"https:\/\/www.gruenerzweig-nw.ch\/neu\/wp-json\/wp\/v2\/users\/1"}],"replies":[{"embeddable":true,"href":"https:\/\/www.gruenerzweig-nw.ch\/neu\/wp-json\/wp\/v2\/comments?post=247"}],"wp:featuredmedia":[{"embeddable":true,"href":"https:\/\/www.gruenerzweig-nw.ch\/neu\/wp-json\/wp\/v2\/media\/1927"}],"wp:attachment":[{"href":"https:\/\/www.gruenerzweig-nw.ch\/neu\/wp-json\/wp\/v2\/media?parent=247"}],"curies":[{"name":"wp","href":"https:\/\/api.w.org\/{rel}","templated":true}]}}